{"id":4458,"date":"2019-11-19T09:32:12","date_gmt":"2019-11-19T09:32:12","guid":{"rendered":"https:\/\/www.iveinarabic.org\/nuestra-senora-del-monte\/"},"modified":"2020-03-09T09:15:24","modified_gmt":"2020-03-09T09:15:24","slug":"nuestra-senora-del-monte","status":"publish","type":"page","link":"https:\/\/iveinarabic.org\/es\/nuestra-senora-del-monte\/","title":{"rendered":"Nuestra Se\u00f1ora del Monte"},"content":{"rendered":"\t\t<div data-elementor-type=\"wp-page\" data-elementor-id=\"4458\" class=\"elementor elementor-4458 elementor-2164\" data-elementor-post-type=\"page\">\n\t\t\t\t\t\t<section class=\"elementor-section elementor-top-section elementor-element elementor-element-e36d01b elementor-section-full_width elementor-section-height-default elementor-section-height-default\" data-id=\"e36d01b\" data-element_type=\"section\" data-e-type=\"section\" data-settings=\"{&quot;jet_parallax_layout_list&quot;:[{&quot;jet_parallax_layout_image&quot;:{&quot;url&quot;:&quot;&quot;,&quot;id&quot;:&quot;&quot;,&quot;size&quot;:&quot;&quot;},&quot;_id&quot;:&quot;a856283&quot;,&quot;jet_parallax_layout_image_tablet&quot;:{&quot;url&quot;:&quot;&quot;,&quot;id&quot;:&quot;&quot;,&quot;size&quot;:&quot;&quot;},&quot;jet_parallax_layout_image_mobile&quot;:{&quot;url&quot;:&quot;&quot;,&quot;id&quot;:&quot;&quot;,&quot;size&quot;:&quot;&quot;},&quot;jet_parallax_layout_speed&quot;:{&quot;unit&quot;:&quot;%&quot;,&quot;size&quot;:50,&quot;sizes&quot;:[]},&quot;jet_parallax_layout_type&quot;:&quot;scroll&quot;,&quot;jet_parallax_layout_z_index&quot;:&quot;&quot;,&quot;jet_parallax_layout_bg_x&quot;:50,&quot;jet_parallax_layout_bg_y&quot;:50,&quot;jet_parallax_layout_bg_size&quot;:&quot;auto&quot;,&quot;jet_parallax_layout_animation_prop&quot;:&quot;transform&quot;,&quot;jet_parallax_layout_on&quot;:[&quot;desktop&quot;,&quot;tablet&quot;],&quot;jet_parallax_layout_direction&quot;:&quot;1&quot;,&quot;jet_parallax_layout_fx_direction&quot;:null,&quot;jet_parallax_layout_bg_x_tablet&quot;:&quot;&quot;,&quot;jet_parallax_layout_bg_x_mobile&quot;:&quot;&quot;,&quot;jet_parallax_layout_bg_y_tablet&quot;:&quot;&quot;,&quot;jet_parallax_layout_bg_y_mobile&quot;:&quot;&quot;,&quot;jet_parallax_layout_bg_size_tablet&quot;:&quot;&quot;,&quot;jet_parallax_layout_bg_size_mobile&quot;:&quot;&quot;}]}\">\n\t\t\t\t\t\t<div class=\"elementor-container elementor-column-gap-default\">\n\t\t\t\t\t<div class=\"elementor-column elementor-col-100 elementor-top-column elementor-element elementor-element-a5e1e11\" data-id=\"a5e1e11\" data-element_type=\"column\" data-e-type=\"column\">\n\t\t\t<div class=\"elementor-widget-wrap elementor-element-populated\">\n\t\t\t\t\t\t<div class=\"elementor-element elementor-element-7f36de7 elementor-widget elementor-widget-jet-tabs\" data-id=\"7f36de7\" data-element_type=\"widget\" data-e-type=\"widget\" data-settings=\"{&quot;tabs_position&quot;:&quot;left&quot;,&quot;no_active_tabs&quot;:&quot;false&quot;}\" data-widget_type=\"jet-tabs.default\">\n\t\t\t\t<div class=\"elementor-widget-container\">\n\t\t\t\t\t\n\t\t<div class=\"jet-tabs jet-tabs-position-left jet-tabs-move-up-effect \" data-settings=\"{&quot;activeIndex&quot;:0,&quot;event&quot;:&quot;click&quot;,&quot;autoSwitch&quot;:false,&quot;autoSwitchDelay&quot;:3000,&quot;ajaxTemplate&quot;:false,&quot;tabsPosition&quot;:&quot;left&quot;,&quot;switchScrolling&quot;:false,&quot;switchScrollingOffset&quot;:0}\">\n\t\t\t<div class=\"jet-tabs__control-wrapper \" role=\"tablist\">\n                                    <div id=\"jet-tabs-control-1331\" class=\"jet-tabs__control jet-tabs__control-icon-left elementor-menu-anchor active-tab \" data-tab=\"1\" tabindex=\"0\" role=\"tab\" aria-controls=\"jet-tabs-content-1331\" aria-expanded=\"true\" data-template-id=\"false\"><div class=\"jet-tabs__control-inner\"><div class=\"jet-tabs__label-icon jet-tabs-icon\"><i class=\"fas fa-arrow-circle-right\"><\/i><\/div><div class=\"jet-tabs__label-text\">Nuestra Se\u00f1ora del Monte<\/div><\/div><\/div><div id=\"jet-tabs-control-1332\" class=\"jet-tabs__control jet-tabs__control-icon-left elementor-menu-anchor  \" data-tab=\"2\" tabindex=\"0\" role=\"tab\" aria-controls=\"jet-tabs-content-1332\" aria-expanded=\"false\" data-template-id=\"false\"><div class=\"jet-tabs__control-inner\"><div class=\"jet-tabs__label-icon jet-tabs-icon\"><i class=\"fas fa-arrow-circle-right\"><\/i><\/div><div class=\"jet-tabs__label-text\">Historia del Santuario<\/div><\/div><\/div><div id=\"jet-tabs-control-1333\" class=\"jet-tabs__control jet-tabs__control-icon-left elementor-menu-anchor  \" data-tab=\"3\" tabindex=\"0\" role=\"tab\" aria-controls=\"jet-tabs-content-1333\" aria-expanded=\"false\" data-template-id=\"false\"><div class=\"jet-tabs__control-inner\"><div class=\"jet-tabs__label-text\">El llanto de la Virgen<\/div><\/div><\/div><div id=\"jet-tabs-control-1334\" class=\"jet-tabs__control jet-tabs__control-icon-left elementor-menu-anchor  \" data-tab=\"4\" tabindex=\"0\" role=\"tab\" aria-controls=\"jet-tabs-content-1334\" aria-expanded=\"false\" data-template-id=\"false\"><div class=\"jet-tabs__control-inner\"><div class=\"jet-tabs__label-icon jet-tabs-icon\"><i class=\"fas fa-arrow-circle-right\"><\/i><\/div><div class=\"jet-tabs__label-text\">Oraci\u00f6n a Nuestra Se\u00f1ora del Monte<\/div><\/div><\/div><div id=\"jet-tabs-control-1335\" class=\"jet-tabs__control jet-tabs__control-icon-left elementor-menu-anchor  \" data-tab=\"5\" tabindex=\"0\" role=\"tab\" aria-controls=\"jet-tabs-content-1335\" aria-expanded=\"false\" data-template-id=\"false\"><div class=\"jet-tabs__control-inner\"><div class=\"jet-tabs__label-icon jet-tabs-icon\"><i class=\"fas fa-arrow-circle-right\"><\/i><\/div><div class=\"jet-tabs__label-text\">Fotos de las fiestas de NS del Monte<\/div><\/div><\/div>\n                    \t\t\t    <\/div>\n\t\t\t<div class=\"jet-tabs__content-wrapper\">\n\t\t\t\t<div id=\"jet-tabs-content-1331\" class=\"jet-tabs__content active-content\" data-tab=\"1\" role=\"tabpanel\" aria-hidden=\"false\" data-template-id=\"false\"><p><img fetchpriority=\"high\" decoding=\"async\" class=\"aligncenter wp-image-3388 size-full\" src=\"https:\/\/iveinarabic.org\/wp-content\/uploads\/2019\/11\/NS-DEL-MONTE-50-scaled.jpg\" alt=\"\" width=\"2560\" height=\"1440\" srcset=\"https:\/\/iveinarabic.org\/wp-content\/uploads\/2019\/11\/NS-DEL-MONTE-50-scaled.jpg 2560w, https:\/\/iveinarabic.org\/wp-content\/uploads\/2019\/11\/NS-DEL-MONTE-50-300x169.jpg 300w, https:\/\/iveinarabic.org\/wp-content\/uploads\/2019\/11\/NS-DEL-MONTE-50-1024x576.jpg 1024w, https:\/\/iveinarabic.org\/wp-content\/uploads\/2019\/11\/NS-DEL-MONTE-50-768x432.jpg 768w, https:\/\/iveinarabic.org\/wp-content\/uploads\/2019\/11\/NS-DEL-MONTE-50-1536x864.jpg 1536w, https:\/\/iveinarabic.org\/wp-content\/uploads\/2019\/11\/NS-DEL-MONTE-50-2048x1152.jpg 2048w\" sizes=\"(max-width: 2560px) 100vw, 2560px\" \/><\/p>\n<\/div><div id=\"jet-tabs-content-1332\" class=\"jet-tabs__content \" data-tab=\"2\" role=\"tabpanel\" aria-hidden=\"true\" data-template-id=\"false\"><p><span style=\"color: #aa0000;\"><strong>Santuario Nuestra Se\u00f1ora del Monte<\/strong><\/span><\/p>\n<p>Con los a\u00f1os, desde los albores del cristianismo e incluso hoy en d\u00eda hay muchos t\u00edtulos y atributos que puso en marcha la Virgen Mar\u00eda, la madre de Jes\u00fas, por lo que se le dijo que hay m\u00e1s de seis mil, y el nombre del t\u00edtulo o estado lo ha llamado. Que esta enorme cantidad de t\u00edtulos es una fruto de honor que transmiten de generaci\u00f3n en generaci\u00f3n y por lo general se asocia con las apariciones que tuvieron lugar en diferentes pa\u00edses del mundo, y las necesidades particulares de las actividades y los eventos humanos acompa\u00f1\u00f3 a la historia de la salvaci\u00f3n, y los t\u00edtulos asociados a las ense\u00f1anzas teol\u00f3gicas y otros. Si analizamos, por ejemplo, las oraciones de la iglesia, se nos hace repleta de t\u00edtulos y descripciones de la Virgen que nos necesite para una larga b\u00fasqueda para mostrarles algunas de las dimensiones de la relaci\u00f3n fiel con la Virgen y su lugar en la Iglesia.<\/p>\n<p>El nombre &#8216;Se\u00f1ora de la Monta\u00f1a&#8217; se refiere a la naturaleza geogr\u00e1fica de este santuario, las famosas monta\u00f1as de Galaad. En 1932, vio el padre Angelo Foresto, el p\u00e1rroco (parroquia Anjara) en ese momento, esta estatua (procedente de Italia) en el Patriarcado Latino de Jerusal\u00e9n, y quer\u00eda a su reba\u00f1o, donde se lo llev\u00f3 y lo puso por primera vez en la peque\u00f1a iglesia, que estaba en ese momento en la casa de los sacerdotes , Y se construy\u00f3 una peque\u00f1a cueva en el patio del monasterio, y permaneci\u00f3 en este estado hasta el a\u00f1o 1970, donde el padre Joseph Nemat (que se convirti\u00f3 en p\u00e1rroco despu\u00e9s del padre Angelo) construy\u00f3 la cueva actual. Un monumento a todos los eventos mencionados en el Antiguo y el Nuevo Testamento en esta regi\u00f3n. Desde entonces, los creyentes han estado visitando esta cueva y honrando a nuestra Virgen Mar\u00eda.<\/p>\n<p>El ascenso de los peregrinos cristianos a esta ciudad desempe\u00f1\u00f3 un papel importante en la construcci\u00f3n de un santuario que podr\u00eda recibirlos. Esto se hizo, cuando el patriarca Jacob Beltrta Patriarca de Jerusal\u00e9n inaugur\u00f3 este edificio en 1983, y fue en ese momento el p\u00e1rroco Santo Padre Jos\u00e9 Alnamat, que fue construido con motivo de las bodas de plata de su sacerdocio. En 1989, el santuario se expandi\u00f3 para dar cabida a la mayor cantidad de peregrinos a medida que aumentaba el n\u00famero de peregrinos. En 2000, Su Santidad el Papa Juan Pablo II aprob\u00f3 cinco lugares de peregrinaci\u00f3n en Jordania y la Dama de la Monta\u00f1a fue uno de esos cinco lugares.<\/p>\n<p><span style=\"color: #aa0000;\"><strong>Estatua de \u00a8Se\u00f1ora del Monte\u00a8<\/strong><\/span><\/p>\n<p>La estatua de madera de acacia muy dura est\u00e1 cubierta con una capa de yeso que se espera tenga entre 150 y 200 a\u00f1os, tallada en Italia. Esta estatua representa una vista maravillosa del coraz\u00f3n puro tallado en el pecho de la estatua de la Virgen y el ni\u00f1o divino en su soporte de los brazos, sin embargo, que apunta al coraz\u00f3n de la Virgen Inmaculada y la otra mano para el cielo y concentrar sobre el papel de la madre y su intercesi\u00f3n por sus hijos.<\/p>\n<p>En 2009, a petici\u00f3n de los padres Verbo encarnado (monjes responsables hoy en d\u00eda para el santuario y la parroquia) fue la restauraci\u00f3n de la estatua por el artista Inglaterra Ian Knowles, donde hubo da\u00f1os a las grandes grietas en muchos lugares de la estatua, sin embargo estatua original de Valenan de estilo y muy hermosa. Cuando el artista termin\u00f3 de restaurar la estatua de la Virgen, se pintaron cuatro iconos grandes que representan los secretos del rosario. Cuando entramos en el santuario, podemos observar Roakin grande en la naturaleza de la construcci\u00f3n externa de la capilla, cubre estos iconos estoicos aquellos hechos de madera reforzado con donde el tama\u00f1o de cada panel (3 m X 2,70 m). Este artista ha utilizado materiales naturales que utilizaban dibujo en el tiempo de Cristo, sobre todo en el arte y la l\u00e1mina de oro palestina como base para pinturas y prendas de vestir de la Virgen, y de esta manera el artista ha querido pintura destaca el estilo antiguo palestina.<\/p>\n<p>Estos iconos revelan a los peregrinos los secretos del rosario, que invita al visitante a acompa\u00f1ar a la Virgen en esta maravillosa oraci\u00f3n. La galer\u00eda de la izquierda contiene los secretos de la alegr\u00eda y los secretos de la luz, y la galer\u00eda derecha contiene los secretos del dolor y los secretos de la gloria.<\/p>\n<p><strong><span style=\"color: #aa0000;\">Celebraci\u00f3n annual<\/span><\/strong><\/p>\n<p>En 1990, la celebraci\u00f3n se celebr\u00f3 por primera vez con motivo de la Virgen Mar\u00eda, la Dama de la Monta\u00f1a. La celebraci\u00f3n fue celebrada por Su Beatitud Michelle Al-Sabah, quien presidi\u00f3 la celebraci\u00f3n con cientos de personas de todas partes de Jordania. Hoy, el tercer viernes de junio, cada a\u00f1o se celebra la fiesta de la Virgen Mar\u00eda, la Dama de la Monta\u00f1a, donde la celebraci\u00f3n es presidida por el Patriarca latino de Jerusal\u00e9n y los obispos cat\u00f3licos de diversos ritos. Los peregrinos comienzan a visitar a la se\u00f1ora de la monta\u00f1a una semana antes de la ceremonia y una semana despu\u00e9s de la celebraci\u00f3n. El d\u00eda de la celebraci\u00f3n, al menos 2,500 creyentes de todas las regiones del Reino est\u00e1n presentes.<\/p>\n<p><strong><span style=\"color: #aa0000;\">Las gracias \u00a0de la Virgen<\/span><\/strong><\/p>\n<p>Con el paso de los a\u00f1os, esta madre se ha adue\u00f1ado de sus creyentes con muchas bendiciones especiales y le piden que venga y le pida su intercesi\u00f3n. Donde muchas de las bendiciones recibidas por un n\u00famero de creyentes se han registrado como la intercesi\u00f3n de la Dama de la Monta\u00f1a de la curaci\u00f3n de enfermedades y para satisfacer los deseos y necesidades que parec\u00edan intratables para los solicitantes. Estos eventos culminaron en el grito de la Dama de la Monta\u00f1a el 6 de mayo de 2010 como sangre. La Iglesia prest\u00f3 gran atenci\u00f3n a este evento y Su Beatitud Fouad Twal y varios obispos hicieron visitas especiales a la parroquia durante ese per\u00edodo. &#8216;La Virgen de la Monta\u00f1a Lady est\u00e1 llorando con nosotros y nosotros&#8217;, dijo el Patriarca Tawal, al comentar sobre el evento. Este santuario ocupa un lugar especial y Mar\u00eda la Se\u00f1ora de la Monta\u00f1a es una madre compasiva que rebosa de bendiciones para todos los que buscan su intercesi\u00f3n con toda fe y humildad.<\/p>\n<\/div><div id=\"jet-tabs-content-1333\" class=\"jet-tabs__content \" data-tab=\"3\" role=\"tabpanel\" aria-hidden=\"true\" data-template-id=\"false\"><p><span style=\"color: #aa0000;\"><strong>L\u00e1grimas de Nuestra Se\u00f1ora del Monte, \u00c1njara\/Jordania<\/strong><\/span><\/p>\n<p>El 6 de Mayo de 2010, mientras una religiosa de nuestra comunidad (Instituto del Verbo Encarnado) limpiaba el Santuario y lo preparaba para las oraciones de la tarde con ocasi\u00f3n del Mes de Mar\u00eda, cuatro ni\u00f1as y una profesora decidieron ayudarle. Estaban ah\u00ed tambi\u00e9n otras dos se\u00f1oras mayores.<\/p>\n<p>Dentro de dicho Santuario est\u00e1 la gruta con la imagen de la Virgen y el Ni\u00f1o, protegida con una puerta de vidrio que es cerrada con llave. La llave, como siempre, conservada por los Padres de la comunidad.<\/p>\n<p>En un momento que la religiosa pasaba por delante del altar percibi\u00f3 como que hubo un movimiento dentro de la gruta pero no hizo caso pensando que era el reflejo de la luz exterior en dicha puerta de vidrio.<\/p>\n<p>Minutos m\u00e1s tarde, estando la religiosa muy cerca de la gruta, al quedar casi de frente a la Imagen vio que el rostro de la Virgen era muy natural, mientras comenzaba a parpadear. En ese momento la religiosa se asusta y grita, llamando la atenci\u00f3n del resto de los presentes. Al acercarse el resto del grupo ven que la Imagen todav\u00eda parpadeaba mientras dos l\u00e1grimas rojas ca\u00edan de los ojos de la Virgencita.<\/p>\n<p>El Patriarca Fo\u2019ad Twal y Monse\u00f1or Sal\u00edm Sayegh, Obispo de Jordania, fueron informados inmediatamente y mandaron a que las puertas del Santuario fueran clausuradas.<\/p>\n<p>Una gran multitud de gente se acumul\u00f3 delante del Santuario rezando el Santo Rosario y cantando en honor de la Virgen, en presencia de gran cantidad de vecinos musulmanes que preguntaban preocupados por el motivo de las l\u00e1grimas.<\/p>\n<p>Monse\u00f1or Sal\u00edm pidi\u00f3 a las Hermanas del Rosario del Hospital de Irbid que examinaran esas l\u00e1grimas y le presentaran un informe. Una vez hecho el estudio se determin\u00f3 que efectivamente son l\u00e1grimas de sangre verdadera, sangre humana\u2026<\/p>\n<p>El Patriarcado Latino form\u00f3 una comisi\u00f3n investigadora quienes indagaron los hechos con minuciosidad y luego de meses de estudio reportaron a la Iglesia de Jordania que no hab\u00eda explicaci\u00f3n humana que determine lo que hab\u00eda pasado. Tres a\u00f1os m\u00e1s tarde el Patriarca Fo\u2019ad anunciaba en la fiesta de la Virgen del Monte delante de cuatro mil personas que ese hecho hab\u00eda sido un milagro, la Virgen hab\u00eda llorado sangre! Dec\u00eda el Patriarca ese d\u00eda: \u201cLa Virgen llora por nosotros y con nosotros\u201d.<\/p>\n<p>La Virgen Mar\u00eda ese d\u00eda no pronuncio palabra, s\u00f3lo llor\u00f3 sangre. De este modo mostraba claramente una gran tristeza de su Coraz\u00f3n bendito. Ella, Madre de la Iglesia, ve\u00eda y compart\u00eda el sufrimiento de sus hijos. Meses m\u00e1s tarde de este acontecimiento, distintos grupos en Medio Oriente daban inicio a lo que mal llamaron \u201cprimavera \u00e1rabe\u2019 por la que y a causa de \u00e9sta much\u00edsimas familias han sufrido (y muchos todav\u00eda sufren) los peores horrores de la guerra\u2026<\/p>\n<p>Actualmente la muestra tomada del rostro de la Virgen de \u00c1njara est\u00e1 bajo la custodia de las Hermanas del Rosario en dicho Hospital de Irbid.<\/p>\n<p>Nuestra Se\u00f1ora del Monte, ruega por nosotros!<\/p>\n<\/div><div id=\"jet-tabs-content-1334\" class=\"jet-tabs__content \" data-tab=\"4\" role=\"tabpanel\" aria-hidden=\"true\" data-template-id=\"false\"><p><strong>Oraci\u00f3n de Nuestra Se\u00f1ora del Monte<\/strong><\/p>\n<p><strong>\u00a0<\/strong><\/p>\n<p>Oh Mar\u00eda lacrimosa, Nuestra Se\u00f1ora del Monte,<\/p>\n<p>Madre de misericordia y Madre de toda la humanidad.<\/p>\n<p>T\u00fa qu\u00e9 lloras sangre por el pueblo de Dios,<\/p>\n<p>con profundo dolor por mi alma<\/p>\n<p>y por la de tus hijos extraviados.<\/p>\n<p>Te ruego me dejes secar tus l\u00e1grimas<\/p>\n<p>con mi sincero arrepentimiento, un coraz\u00f3n quebrantado<\/p>\n<p>y un amor puro a Jes\u00fas misericordioso.<\/p>\n<p>En tus manos pongo mi alma y mi destino.<\/p>\n<p>Intercede por mi ante tu Hijo Jes\u00fas<\/p>\n<p>a fin de alcanzar misericordia<\/p>\n<p>y ser fiel a Su amor<\/p>\n<p>ahora y en la hora de mi muerte. Am\u00e9n.<\/p>\n<p>&nbsp;<\/p>\n<p>+Mons. Salim Al Sayegh<\/p>\n<\/div><div id=\"jet-tabs-content-1335\" class=\"jet-tabs__content \" data-tab=\"5\" role=\"tabpanel\" aria-hidden=\"true\" data-template-id=\"false\"><p><div id='gallery-1' class='gallery galleryid-4458 gallery-columns-4 gallery-size-medium'><figure class='gallery-item'>\n\t\t\t<div class='gallery-icon landscape'>\n\t\t\t\t<a href='https:\/\/iveinarabic.org\/es\/nuestra-senora-del-monte\/ns-del-monte-38-2\/'><img decoding=\"async\" width=\"300\" height=\"169\" src=\"https:\/\/iveinarabic.org\/wp-content\/uploads\/2019\/11\/NS-DEL-MONTE-38-300x169.jpg\" class=\"attachment-medium size-medium\" alt=\"\" srcset=\"https:\/\/iveinarabic.org\/wp-content\/uploads\/2019\/11\/NS-DEL-MONTE-38-300x169.jpg 300w, https:\/\/iveinarabic.org\/wp-content\/uploads\/2019\/11\/NS-DEL-MONTE-38-1024x576.jpg 1024w, https:\/\/iveinarabic.org\/wp-content\/uploads\/2019\/11\/NS-DEL-MONTE-38-768x432.jpg 768w, https:\/\/iveinarabic.org\/wp-content\/uploads\/2019\/11\/NS-DEL-MONTE-38-1536x864.jpg 1536w, https:\/\/iveinarabic.org\/wp-content\/uploads\/2019\/11\/NS-DEL-MONTE-38-2048x1152.jpg 2048w\" sizes=\"(max-width: 300px) 100vw, 300px\" \/><\/a>\n\t\t\t<\/div><\/figure><figure class='gallery-item'>\n\t\t\t<div class='gallery-icon landscape'>\n\t\t\t\t<a href='https:\/\/iveinarabic.org\/es\/nuestra-senora-del-monte\/ns-del-monte-14-2\/'><img decoding=\"async\" width=\"300\" height=\"169\" src=\"https:\/\/iveinarabic.org\/wp-content\/uploads\/2019\/11\/NS-DEL-MONTE-14-300x169.jpg\" class=\"attachment-medium size-medium\" alt=\"\" srcset=\"https:\/\/iveinarabic.org\/wp-content\/uploads\/2019\/11\/NS-DEL-MONTE-14-300x169.jpg 300w, https:\/\/iveinarabic.org\/wp-content\/uploads\/2019\/11\/NS-DEL-MONTE-14-1024x576.jpg 1024w, https:\/\/iveinarabic.org\/wp-content\/uploads\/2019\/11\/NS-DEL-MONTE-14-768x432.jpg 768w, https:\/\/iveinarabic.org\/wp-content\/uploads\/2019\/11\/NS-DEL-MONTE-14-1536x864.jpg 1536w, https:\/\/iveinarabic.org\/wp-content\/uploads\/2019\/11\/NS-DEL-MONTE-14-2048x1152.jpg 2048w\" sizes=\"(max-width: 300px) 100vw, 300px\" \/><\/a>\n\t\t\t<\/div><\/figure>\n\t\t<\/div>\n<\/p>\n<\/div>\t\t\t<\/div>\n\t\t\t\t\t<\/div>\n\t\t\t\t\t\t<\/div>\n\t\t\t\t<\/div>\n\t\t\t\t<div class=\"elementor-element elementor-element-93b20de elementor-share-buttons--shape-rounded elementor-share-buttons--view-icon-text elementor-share-buttons--skin-gradient elementor-grid-0 elementor-share-buttons--color-official elementor-widget elementor-widget-share-buttons\" data-id=\"93b20de\" data-element_type=\"widget\" data-e-type=\"widget\" data-widget_type=\"share-buttons.default\">\n\t\t\t\t<div class=\"elementor-widget-container\">\n\t\t\t\t\t\t\t<div class=\"elementor-grid\" role=\"list\">\n\t\t\t\t\t\t\t\t<div class=\"elementor-grid-item\" role=\"listitem\">\n\t\t\t\t\t\t<div class=\"elementor-share-btn elementor-share-btn_facebook\" role=\"button\" tabindex=\"0\" aria-label=\"Compartir en facebook\">\n\t\t\t\t\t\t\t\t\t\t\t\t\t\t\t<span class=\"elementor-share-btn__icon\">\n\t\t\t\t\t\t\t\t<i class=\"fab fa-facebook\" aria-hidden=\"true\"><\/i>\t\t\t\t\t\t\t<\/span>\n\t\t\t\t\t\t\t\t\t\t\t\t\t\t\t\t\t\t\t\t\t\t<div class=\"elementor-share-btn__text\">\n\t\t\t\t\t\t\t\t\t\t\t\t\t\t\t\t\t\t\t<span class=\"elementor-share-btn__title\">\n\t\t\t\t\t\t\t\t\t\tFacebook\t\t\t\t\t\t\t\t\t<\/span>\n\t\t\t\t\t\t\t\t\t\t\t\t\t\t\t\t\t<\/div>\n\t\t\t\t\t\t\t\t\t\t\t\t\t<\/div>\n\t\t\t\t\t<\/div>\n\t\t\t\t\t\t\t\t\t<div class=\"elementor-grid-item\" role=\"listitem\">\n\t\t\t\t\t\t<div class=\"elementor-share-btn elementor-share-btn_whatsapp\" role=\"button\" tabindex=\"0\" aria-label=\"Compartir en whatsapp\">\n\t\t\t\t\t\t\t\t\t\t\t\t\t\t\t<span class=\"elementor-share-btn__icon\">\n\t\t\t\t\t\t\t\t<i class=\"fab fa-whatsapp\" aria-hidden=\"true\"><\/i>\t\t\t\t\t\t\t<\/span>\n\t\t\t\t\t\t\t\t\t\t\t\t\t\t\t\t\t\t\t\t\t\t<div class=\"elementor-share-btn__text\">\n\t\t\t\t\t\t\t\t\t\t\t\t\t\t\t\t\t\t\t<span class=\"elementor-share-btn__title\">\n\t\t\t\t\t\t\t\t\t\tWhatsApp\t\t\t\t\t\t\t\t\t<\/span>\n\t\t\t\t\t\t\t\t\t\t\t\t\t\t\t\t\t<\/div>\n\t\t\t\t\t\t\t\t\t\t\t\t\t<\/div>\n\t\t\t\t\t<\/div>\n\t\t\t\t\t\t\t\t\t<div class=\"elementor-grid-item\" role=\"listitem\">\n\t\t\t\t\t\t<div class=\"elementor-share-btn elementor-share-btn_email\" role=\"button\" tabindex=\"0\" aria-label=\"Compartir en email\">\n\t\t\t\t\t\t\t\t\t\t\t\t\t\t\t<span class=\"elementor-share-btn__icon\">\n\t\t\t\t\t\t\t\t<i class=\"fas fa-envelope\" aria-hidden=\"true\"><\/i>\t\t\t\t\t\t\t<\/span>\n\t\t\t\t\t\t\t\t\t\t\t\t\t\t\t\t\t\t\t\t\t\t<div class=\"elementor-share-btn__text\">\n\t\t\t\t\t\t\t\t\t\t\t\t\t\t\t\t\t\t\t<span class=\"elementor-share-btn__title\">\n\t\t\t\t\t\t\t\t\t\tEmail\t\t\t\t\t\t\t\t\t<\/span>\n\t\t\t\t\t\t\t\t\t\t\t\t\t\t\t\t\t<\/div>\n\t\t\t\t\t\t\t\t\t\t\t\t\t<\/div>\n\t\t\t\t\t<\/div>\n\t\t\t\t\t\t<\/div>\n\t\t\t\t\t\t<\/div>\n\t\t\t\t<\/div>\n\t\t\t\t\t<\/div>\n\t\t<\/div>\n\t\t\t\t\t<\/div>\n\t\t<\/section>\n\t\t\t\t<\/div>\n\t\t","protected":false},"excerpt":{"rendered":"<p>Nuestra Se\u00f1ora del MonteHistoria del SantuarioEl llanto de la VirgenOraci\u00f6n a Nuestra Se\u00f1ora del MonteFotos de las fiestas de NS del Monte Santuario Nuestra Se\u00f1ora del Monte Con los a\u00f1os, desde los albores del cristianismo e incluso hoy en d\u00eda hay muchos t\u00edtulos y atributos que puso en marcha la Virgen Mar\u00eda, la madre de [&hellip;]<\/p>\n","protected":false},"author":2,"featured_media":0,"parent":0,"menu_order":0,"comment_status":"closed","ping_status":"closed","template":"elementor_header_footer","meta":{"_acf_changed":false,"ocean_post_layout":"","ocean_both_sidebars_style":"","ocean_both_sidebars_content_width":0,"ocean_both_sidebars_sidebars_width":0,"ocean_sidebar":"0","ocean_second_sidebar":"0","ocean_disable_margins":"enable","ocean_add_body_class":"","ocean_shortcode_before_top_bar":"","ocean_shortcode_after_top_bar":"","ocean_shortcode_before_header":"","ocean_shortcode_after_header":"","ocean_has_shortcode":"","ocean_shortcode_after_title":"","ocean_shortcode_before_footer_widgets":"","ocean_shortcode_after_footer_widgets":"","ocean_shortcode_before_footer_bottom":"","ocean_shortcode_after_footer_bottom":"","ocean_display_top_bar":"default","ocean_display_header":"default","ocean_header_style":"","ocean_center_header_left_menu":"0","ocean_custom_header_template":"0","ocean_custom_logo":0,"ocean_custom_retina_logo":0,"ocean_custom_logo_max_width":0,"ocean_custom_logo_tablet_max_width":0,"ocean_custom_logo_mobile_max_width":0,"ocean_custom_logo_max_height":0,"ocean_custom_logo_tablet_max_height":0,"ocean_custom_logo_mobile_max_height":0,"ocean_header_custom_menu":"0","ocean_menu_typo_font_family":"0","ocean_menu_typo_font_subset":"","ocean_menu_typo_font_size":0,"ocean_menu_typo_font_size_tablet":0,"ocean_menu_typo_font_size_mobile":0,"ocean_menu_typo_font_size_unit":"px","ocean_menu_typo_font_weight":"","ocean_menu_typo_font_weight_tablet":"","ocean_menu_typo_font_weight_mobile":"","ocean_menu_typo_transform":"","ocean_menu_typo_transform_tablet":"","ocean_menu_typo_transform_mobile":"","ocean_menu_typo_line_height":0,"ocean_menu_typo_line_height_tablet":0,"ocean_menu_typo_line_height_mobile":0,"ocean_menu_typo_line_height_unit":"","ocean_menu_typo_spacing":0,"ocean_menu_typo_spacing_tablet":0,"ocean_menu_typo_spacing_mobile":0,"ocean_menu_typo_spacing_unit":"","ocean_menu_link_color":"","ocean_menu_link_color_hover":"","ocean_menu_link_color_active":"","ocean_menu_link_background":"","ocean_menu_link_hover_background":"","ocean_menu_link_active_background":"","ocean_menu_social_links_bg":"","ocean_menu_social_hover_links_bg":"","ocean_menu_social_links_color":"","ocean_menu_social_hover_links_color":"","ocean_disable_title":"default","ocean_disable_heading":"default","ocean_post_title":"","ocean_post_subheading":"","ocean_post_title_style":"","ocean_post_title_background_color":"","ocean_post_title_background":0,"ocean_post_title_bg_image_position":"","ocean_post_title_bg_image_attachment":"","ocean_post_title_bg_image_repeat":"","ocean_post_title_bg_image_size":"","ocean_post_title_height":0,"ocean_post_title_bg_overlay":0.5,"ocean_post_title_bg_overlay_color":"","ocean_disable_breadcrumbs":"default","ocean_breadcrumbs_color":"","ocean_breadcrumbs_separator_color":"","ocean_breadcrumbs_links_color":"","ocean_breadcrumbs_links_hover_color":"","ocean_display_footer_widgets":"default","ocean_display_footer_bottom":"default","ocean_custom_footer_template":"0","footnotes":""},"class_list":["post-4458","page","type-page","status-publish","hentry","entry"],"acf":[],"_links":{"self":[{"href":"https:\/\/iveinarabic.org\/es\/wp-json\/wp\/v2\/pages\/4458","targetHints":{"allow":["GET"]}}],"collection":[{"href":"https:\/\/iveinarabic.org\/es\/wp-json\/wp\/v2\/pages"}],"about":[{"href":"https:\/\/iveinarabic.org\/es\/wp-json\/wp\/v2\/types\/page"}],"author":[{"embeddable":true,"href":"https:\/\/iveinarabic.org\/es\/wp-json\/wp\/v2\/users\/2"}],"replies":[{"embeddable":true,"href":"https:\/\/iveinarabic.org\/es\/wp-json\/wp\/v2\/comments?post=4458"}],"version-history":[{"count":0,"href":"https:\/\/iveinarabic.org\/es\/wp-json\/wp\/v2\/pages\/4458\/revisions"}],"wp:attachment":[{"href":"https:\/\/iveinarabic.org\/es\/wp-json\/wp\/v2\/media?parent=4458"}],"curies":[{"name":"wp","href":"https:\/\/api.w.org\/{rel}","templated":true}]}}